{"id":10824,"date":"2026-03-05T23:02:49","date_gmt":"2026-03-05T22:02:49","guid":{"rendered":"https:\/\/serengai.ch\/?page_id=10824"},"modified":"2026-06-27T01:41:55","modified_gmt":"2026-06-26T23:41:55","slug":"about-us","status":"publish","type":"page","link":"https:\/\/serengai.ch\/fr\/about-us\/","title":{"rendered":"About US"},"content":{"rendered":"<div data-elementor-type=\"wp-page\" data-elementor-id=\"10824\" class=\"elementor elementor-10824\" data-elementor-post-type=\"page\">\n\t\t\t\t<div class=\"elementor-element elementor-element-717ca60 e-con-full e-flex e-con e-parent\" data-id=\"717ca60\" data-element_type=\"container\" data-e-type=\"container\" data-settings=\"{&quot;background_background&quot;:&quot;classic&quot;}\">\n\t\t<div class=\"elementor-element elementor-element-7adae07 e-con-full e-flex e-con e-child\" data-id=\"7adae07\" data-element_type=\"container\" data-e-type=\"container\" data-settings=\"{&quot;background_background&quot;:&quot;classic&quot;}\">\n\t\t<div class=\"elementor-element elementor-element-ac440df e-con-full e-flex e-con e-child\" data-id=\"ac440df\" data-element_type=\"container\" data-e-type=\"container\" data-settings=\"{&quot;background_background&quot;:&quot;classic&quot;}\">\n\t\t\t\t<div class=\"elementor-element elementor-element-c7c70f1 elementor-widget elementor-widget-spacer\" data-id=\"c7c70f1\" data-element_type=\"widget\" data-e-type=\"widget\" data-widget_type=\"spacer.default\">\n\t\t\t\t\t\t\t<div class=\"elementor-spacer\">\n\t\t\t<div class=\"elementor-spacer-inner\"><\/div>\n\t\t<\/div>\n\t\t\t\t\t\t<\/div>\n\t\t\t\t<\/div>\n\t\t\t\t<\/div>\n\t\t\t\t<\/div>\n\t\t<div class=\"elementor-element elementor-element-e7cea13 e-flex e-con-boxed e-con e-parent\" data-id=\"e7cea13\" data-element_type=\"container\" data-e-type=\"container\">\n\t\t\t\t\t<div class=\"e-con-inner\">\n\t\t<div class=\"elementor-element elementor-element-5859c89 e-con-full e-flex e-con e-child\" data-id=\"5859c89\" data-element_type=\"container\" data-e-type=\"container\">\n\t\t\t\t<div class=\"elementor-element elementor-element-0bbae04 elementor-widget elementor-widget-heading\" data-id=\"0bbae04\" data-element_type=\"widget\" data-e-type=\"widget\" data-widget_type=\"heading.default\">\n\t\t\t\t\t<h6 class=\"elementor-heading-title elementor-size-default\">QUI NOUS SOMMES<\/h6>\t\t\t\t<\/div>\n\t\t\t\t<div class=\"elementor-element elementor-element-f0177b8 elementor-widget elementor-widget-heading\" data-id=\"f0177b8\" data-element_type=\"widget\" data-e-type=\"widget\" data-widget_type=\"heading.default\">\n\t\t\t\t\t<h2 class=\"elementor-heading-title elementor-size-default\">Guider et <span class=\"circleBG1\">0<\/span> faire   <br>  grandir  <span class=\"circleBG2\">0<\/span>  les esprits <\/h2>\t\t\t\t<\/div>\n\t\t\t\t<div class=\"elementor-element elementor-element-b6c286a elementor-widget__width-initial elementor-widget-mobile__width-inherit elementor-widget elementor-widget-text-editor\" data-id=\"b6c286a\" data-element_type=\"widget\" data-e-type=\"widget\" data-widget_type=\"text-editor.default\">\n\t\t\t\t\t\t\t\t\t<p><span data-contrast=\"auto\">Si votre enfant ou jeune adulte a des besoins sp\u00e9cifiques, rencontre des difficult\u00e9s scolaires ou peine \u00e0 g\u00e9rer ses apprentissages, vous vous posez sans doute de nombreuses questions.\u00a0<\/span><span data-ccp-props=\"{}\">\u00a0<\/span><\/p>\t\t\t\t\t\t\t\t<\/div>\n\t\t\t\t<\/div>\n\t\t\t\t\t<\/div>\n\t\t\t\t<\/div>\n\t\t<div class=\"elementor-element elementor-element-0ed03f3 elementor-hidden-tablet e-flex e-con-boxed e-con e-parent\" data-id=\"0ed03f3\" data-element_type=\"container\" data-e-type=\"container\">\n\t\t\t\t\t<div class=\"e-con-inner\">\n\t\t<div class=\"elementor-element elementor-element-761176f e-con-full e-flex e-con e-child\" data-id=\"761176f\" data-element_type=\"container\" data-e-type=\"container\">\n\t\t<div class=\"elementor-element elementor-element-170f1b5 e-con-full e-flex e-con e-child\" data-id=\"170f1b5\" data-element_type=\"container\" data-e-type=\"container\">\n\t\t\t\t<div class=\"elementor-element elementor-element-931bfe5 elementor-widget__width-inherit elementor-widget-mobile__width-inherit elementor-widget elementor-widget-heading\" data-id=\"931bfe5\" data-element_type=\"widget\" data-e-type=\"widget\" data-widget_type=\"heading.default\">\n\t\t\t\t\t<h2 class=\"elementor-heading-title elementor-size-default\">Votre enfant peut \u00eatre intelligent, curieux, cr\u00e9atif \u2014 et pourtant, l\u2019\u00e9cole reste un d\u00e9fi. Les devoirs deviennent source de frustration, les bilans \u00e9voquent un manque de concentration ou une attention dispers\u00e9e.  <br><br>Vous vous sentez peut-\u00eatre inquiet, fatigu\u00e9, incertain face \u00e0 la mani\u00e8re de l\u2019aider, et avez cherch\u00e9 des r\u00e9ponses. Des termes comme TDAH, dyslexie, autisme, TSA, difficult\u00e9s des fonctions ex\u00e9cutives ou besoins \u00e9ducatifs particuliers ont pu appara\u00eetre au fil de vos recherches.   <br><br>\n\nDe nombreux parents arrivent chez Serenga\u00ef avec un sentiment d\u2019anxi\u00e9t\u00e9, de culpabilit\u00e9, d\u2019\u00e9puisement ou d\u2019inqui\u00e9tude pour l\u2019avenir de leur enfant. Vous pouvez craindre qu\u2019il prenne du retard ou vous demander si vous en faites assez.  \n<br><br>\nIci, votre exp\u00e9rience est accueillie avec compr\u00e9hension. \n<br><br>\nUn accompagnement juste est \u00e0 la fois structur\u00e9 et concret, tout en restant profond\u00e9ment humain.\nNous \u00e9coutons avec attention, construisons des plans clairs et d\u00e9veloppons des outils utilisables \u00e0 la maison comme \u00e0 l\u2019\u00e9cole.  <\/h2>\t\t\t\t<\/div>\n\t\t\t\t<\/div>\n\t\t\t\t<\/div>\n\t\t<div class=\"elementor-element elementor-element-fc5956e e-con-full e-flex e-con e-child\" data-id=\"fc5956e\" data-element_type=\"container\" data-e-type=\"container\">\n\t\t\t\t<div class=\"elementor-element elementor-element-92ddc3b elementor-widget__width-inherit elementor-widget-mobile__width-inherit elementor-widget elementor-widget-heading\" data-id=\"92ddc3b\" data-element_type=\"widget\" data-e-type=\"widget\" data-widget_type=\"heading.default\">\n\t\t\t\t\t<h1 class=\"elementor-heading-title elementor-size-default\">Progressivement, la tension s\u2019apaise, la confusion laisse place \u00e0 des \u00e9tapes concr\u00e8tes, et les progr\u00e8s deviennent visibles. <\/h1>\t\t\t\t<\/div>\n\t\t\t\t<div class=\"elementor-element elementor-element-52dea13 elementor-widget__width-inherit elementor-widget-mobile__width-inherit elementor-widget elementor-widget-heading\" data-id=\"52dea13\" data-element_type=\"widget\" data-e-type=\"widget\" data-widget_type=\"heading.default\">\n\t\t\t\t\t<h1 class=\"elementor-heading-title elementor-size-default\">Serenga\u00ef a \u00e9t\u00e9 cr\u00e9\u00e9 pour accompagner les apprenants confront\u00e9s \u00e0 des d\u00e9fis acad\u00e9miques, en proposant des strat\u00e9gies d\u2019apprentissage structur\u00e9es et un accompagnement concret.\nNous travaillons avec les familles et les institutions pour aider les enfants et les jeunes adultes \u00e0 d\u00e9velopper confiance, autonomie et une progression durable.<\/h1>\t\t\t\t<\/div>\n\t\t\t\t<\/div>\n\t\t\t\t\t<\/div>\n\t\t\t\t<\/div>\n\t\t<div class=\"elementor-element elementor-element-401470c e-flex e-con-boxed e-con e-parent\" data-id=\"401470c\" data-element_type=\"container\" data-e-type=\"container\">\n\t\t\t\t\t<div class=\"e-con-inner\">\n\t\t\t\t<div class=\"elementor-element elementor-element-5627f88 elementor-widget__width-initial elementor-widget elementor-widget-image\" data-id=\"5627f88\" data-element_type=\"widget\" data-e-type=\"widget\" data-widget_type=\"image.default\">\n\t\t\t\t\t\t\t\t\t\t\t\t\t\t\t<img fetchpriority=\"high\" decoding=\"async\" width=\"800\" height=\"363\" src=\"https:\/\/serengai.ch\/wp-content\/uploads\/2024\/10\/Frame-1321316173-1024x464.png\" class=\"attachment-large size-large wp-image-175\" alt=\"\" srcset=\"https:\/\/serengai.ch\/wp-content\/uploads\/2024\/10\/Frame-1321316173-1024x464.png 1024w, https:\/\/serengai.ch\/wp-content\/uploads\/2024\/10\/Frame-1321316173-300x136.png 300w, https:\/\/serengai.ch\/wp-content\/uploads\/2024\/10\/Frame-1321316173-768x348.png 768w, https:\/\/serengai.ch\/wp-content\/uploads\/2024\/10\/Frame-1321316173-1536x697.png 1536w, https:\/\/serengai.ch\/wp-content\/uploads\/2024\/10\/Frame-1321316173-2048x929.png 2048w\" sizes=\"(max-width: 800px) 100vw, 800px\" data-attachment-id=\"175\" data-permalink=\"https:\/\/serengai.ch\/frame-1321316173-2\/\" data-orig-file=\"https:\/\/serengai.ch\/wp-content\/uploads\/2024\/10\/Frame-1321316173.png\" data-orig-size=\"2862,1298\" data-comments-opened=\"1\" data-image-meta=\"{&quot;aperture&quot;:&quot;0&quot;,&quot;credit&quot;:&quot;&quot;,&quot;camera&quot;:&quot;&quot;,&quot;caption&quot;:&quot;&quot;,&quot;created_timestamp&quot;:&quot;0&quot;,&quot;copyright&quot;:&quot;&quot;,&quot;focal_length&quot;:&quot;0&quot;,&quot;iso&quot;:&quot;0&quot;,&quot;shutter_speed&quot;:&quot;0&quot;,&quot;title&quot;:&quot;&quot;,&quot;orientation&quot;:&quot;0&quot;}\" data-image-title=\"Frame 1321316173\" data-image-description=\"\" data-image-caption=\"\" data-large-file=\"https:\/\/serengai.ch\/wp-content\/uploads\/2024\/10\/Frame-1321316173-1024x464.png\" \/>\t\t\t\t\t\t\t\t\t\t\t\t\t\t\t<\/div>\n\t\t<div class=\"elementor-element elementor-element-2b393b0 e-con-full e-flex e-con e-child\" data-id=\"2b393b0\" data-element_type=\"container\" data-e-type=\"container\">\n\t\t\t\t<div class=\"elementor-element elementor-element-a2e7f31 elementor-widget__width-inherit elementor-widget-mobile__width-inherit elementor-widget elementor-widget-text-editor\" data-id=\"a2e7f31\" data-element_type=\"widget\" data-e-type=\"widget\" data-widget_type=\"text-editor.default\">\n\t\t\t\t\t\t\t\t\t<h4 style=\"text-align: left;\"><strong>Un lien pour les parents, un soutien pour les enfants<\/strong><\/h4>\t\t\t\t\t\t\t\t<\/div>\n\t\t\t\t<div class=\"elementor-element elementor-element-3fe4d5c elementor-widget__width-inherit elementor-widget-mobile__width-inherit elementor-widget elementor-widget-text-editor\" data-id=\"3fe4d5c\" data-element_type=\"widget\" data-e-type=\"widget\" data-widget_type=\"text-editor.default\">\n\t\t\t\t\t\t\t\t\t<p><strong>&nbsp; &nbsp;Chez Serenga\u00ef, votre enfant d\u00e9veloppe<\/strong><\/p>\n<ul>\n<li>Outils pour les fonctions ex\u00e9cutives<\/li>\n<li>Organisation et m\u00e9thodes de travail<\/li>\n<li>une meilleure r\u00e9gulation \u00e9motionnelle dans les situations d\u2019apprentissage<\/li>\n<li>Plus de confiance et d\u2019autonomie&nbsp;<\/li><\/ul><p><strong>&nbsp; &nbsp;Les parents b\u00e9n\u00e9ficient de<\/strong><\/p>\n<ul>\n<li>Rep\u00e8res clairs<\/li>\n<li>Strat\u00e9gies et outils concrets<\/li>\n<li>Une diminution des tensions \u00e0 la maison<\/li>\n<li>La reassurance que le parcours de leur enfant a du sens<\/li>\n<\/ul>\t\t\t\t\t\t\t\t<\/div>\n\t\t\t\t<\/div>\n\t\t\t\t\t<\/div>\n\t\t\t\t<\/div>\n\t\t<div class=\"elementor-element elementor-element-381fb2f0 elementor-hidden-desktop elementor-hidden-tablet elementor-hidden-mobile e-flex e-con-boxed e-con e-parent\" data-id=\"381fb2f0\" data-element_type=\"container\" data-e-type=\"container\" data-settings=\"{&quot;background_background&quot;:&quot;classic&quot;}\">\n\t\t\t\t\t<div class=\"e-con-inner\">\n\t\t<div class=\"elementor-element elementor-element-1996783 e-con-full e-flex e-con e-child\" data-id=\"1996783\" data-element_type=\"container\" data-e-type=\"container\">\n\t\t\t\t<div class=\"elementor-element elementor-element-e9c8764 elementor-widget elementor-widget-heading\" data-id=\"e9c8764\" data-element_type=\"widget\" data-e-type=\"widget\" data-widget_type=\"heading.default\">\n\t\t\t\t\t<h6 class=\"elementor-heading-title elementor-size-default\">QUI NOUS SOMMES<\/h6>\t\t\t\t<\/div>\n\t\t\t\t<div class=\"elementor-element elementor-element-7e12c5e elementor-widget elementor-widget-heading\" data-id=\"7e12c5e\" data-element_type=\"widget\" data-e-type=\"widget\" data-widget_type=\"heading.default\">\n\t\t\t\t\t<h2 class=\"elementor-heading-title elementor-size-default\">A place to nurture  <span>0<\/span>  <br>  strong minds  <span>0<\/span> <\/h2>\t\t\t\t<\/div>\n\t\t\t\t<div class=\"elementor-element elementor-element-050204c elementor-widget__width-initial elementor-widget-mobile__width-inherit elementor-widget elementor-widget-text-editor\" data-id=\"050204c\" data-element_type=\"widget\" data-e-type=\"widget\" data-widget_type=\"text-editor.default\">\n\t\t\t\t\t\t\t\t\t<p><span data-contrast=\"auto\">Si votre enfant ou jeune adulte a des besoins sp\u00e9cifiques, rencontre des difficult\u00e9s scolaires ou peine \u00e0 g\u00e9rer ses apprentissages, vous vous posez sans doute de nombreuses questions.\u00a0<\/span><span data-ccp-props=\"{}\"> \u00a0<\/span><span data-contrast=\"auto\">Votre enfant peut \u00eatre intelligent, curieux, cr\u00e9atif \u2014 et pourtant, l\u2019\u00e9cole reste un d\u00e9fi. Les devoirs deviennent source de frustration, les bilans \u00e9voquent un manque de concentration ou une attention dispers\u00e9e.\u00a0<\/span><span data-ccp-props=\"{}\">\u00a0<\/span><span data-contrast=\"auto\">Vous vous sentez peut-\u00eatre inquiet, fatigu\u00e9, incertain face \u00e0 la mani\u00e8re de l\u2019aider, et avez cherch\u00e9 des r\u00e9ponses. Des termes comme TDAH, dyslexie, autisme, TSA, difficult\u00e9s des fonctions ex\u00e9cutives ou besoins \u00e9ducatifs particuliers ont pu appara\u00eetre au fil de vos recherches.<\/span><span data-ccp-props=\"{}\">\u00a0<\/span><\/p>\t\t\t\t\t\t\t\t<\/div>\n\t\t\t\t<\/div>\n\t\t\t\t<div class=\"elementor-element elementor-element-6b29d553 elementor-widget elementor-widget-heading\" data-id=\"6b29d553\" data-element_type=\"widget\" data-e-type=\"widget\" data-widget_type=\"heading.default\">\n\t\t\t\t\t<h6 class=\"elementor-heading-title elementor-size-default\">Who We Are<\/h6>\t\t\t\t<\/div>\n\t\t\t\t<div class=\"elementor-element elementor-element-6aa29b35 elementor-headline--style-highlight elementor-invisible elementor-widget elementor-widget-animated-headline\" data-id=\"6aa29b35\" data-element_type=\"widget\" data-e-type=\"widget\" data-settings=\"{&quot;highlighted_text&quot;:&quot; strong minds &quot;,&quot;_animation&quot;:&quot;fadeIn&quot;,&quot;headline_style&quot;:&quot;highlight&quot;,&quot;marker&quot;:&quot;circle&quot;,&quot;loop&quot;:&quot;yes&quot;,&quot;highlight_animation_duration&quot;:1200,&quot;highlight_iteration_delay&quot;:8000}\" data-widget_type=\"animated-headline.default\">\n\t\t\t\t\t\t\t<h2 class=\"elementor-headline\">\n\t\t\t\t\t<span class=\"elementor-headline-plain-text elementor-headline-text-wrapper\">A place to nurture<\/span>\n\t\t\t\t<span class=\"elementor-headline-dynamic-wrapper elementor-headline-text-wrapper\">\n\t\t\t\t\t<span class=\"elementor-headline-dynamic-text elementor-headline-text-active\"> strong minds <\/span>\n\t\t\t\t<\/span>\n\t\t\t\t<\/h2>\n\t\t\t\t\t\t<\/div>\n\t\t\t\t<div class=\"elementor-element elementor-element-21426307 elementor-widget__width-initial elementor-widget-mobile__width-inherit elementor-widget elementor-widget-text-editor\" data-id=\"21426307\" data-element_type=\"widget\" data-e-type=\"widget\" data-widget_type=\"text-editor.default\">\n\t\t\t\t\t\t\t\t\t<p><span data-contrast=\"auto\">Si votre enfant ou jeune adulte a des besoins sp\u00e9cifiques, rencontre des difficult\u00e9s scolaires ou peine \u00e0 g\u00e9rer ses apprentissages, vous vous posez sans doute de nombreuses questions.\u00a0<\/span><span data-ccp-props=\"{}\">\u00a0<\/span><\/p><p><span data-ccp-props=\"{}\">\u00a0<\/span><span data-contrast=\"auto\">Votre enfant peut \u00eatre intelligent, curieux, cr\u00e9atif \u2014 et pourtant, l\u2019\u00e9cole reste un d\u00e9fi. Les devoirs deviennent source de frustration, les bilans \u00e9voquent un manque de concentration ou une attention dispers\u00e9e.\u00a0<\/span><span data-ccp-props=\"{}\">\u00a0<\/span><\/p><p><span data-ccp-props=\"{}\">\u00a0<\/span><span data-contrast=\"auto\">Vous vous sentez peut-\u00eatre inquiet, fatigu\u00e9, incertain face \u00e0 la mani\u00e8re de l\u2019aider, et avez cherch\u00e9 des r\u00e9ponses. Des termes comme TDAH, dyslexie, autisme, TSA, difficult\u00e9s des fonctions ex\u00e9cutives ou besoins \u00e9ducatifs particuliers ont pu appara\u00eetre au fil de vos recherches.<\/span><span data-ccp-props=\"{}\">\u00a0<\/span><\/p>\t\t\t\t\t\t\t\t<\/div>\n\t\t\t\t<div class=\"elementor-element elementor-element-20f8d148 elementor-widget elementor-widget-spacer\" data-id=\"20f8d148\" data-element_type=\"widget\" data-e-type=\"widget\" data-widget_type=\"spacer.default\">\n\t\t\t\t\t\t\t<div class=\"elementor-spacer\">\n\t\t\t<div class=\"elementor-spacer-inner\"><\/div>\n\t\t<\/div>\n\t\t\t\t\t\t<\/div>\n\t\t<div class=\"elementor-element elementor-element-801ea77 e-con-full e-flex e-con e-child\" data-id=\"801ea77\" data-element_type=\"container\" data-e-type=\"container\">\n\t\t<div class=\"elementor-element elementor-element-281c7c96 e-con-full e-flex e-con e-child\" data-id=\"281c7c96\" data-element_type=\"container\" data-e-type=\"container\" data-settings=\"{&quot;background_background&quot;:&quot;classic&quot;}\">\n\t\t\t\t<div class=\"elementor-element elementor-element-2ff24324 elementor-widget elementor-widget-spacer\" data-id=\"2ff24324\" data-element_type=\"widget\" data-e-type=\"widget\" data-widget_type=\"spacer.default\">\n\t\t\t\t\t\t\t<div class=\"elementor-spacer\">\n\t\t\t<div class=\"elementor-spacer-inner\"><\/div>\n\t\t<\/div>\n\t\t\t\t\t\t<\/div>\n\t\t\t\t<\/div>\n\t\t<div class=\"elementor-element elementor-element-320d78eb e-con-full e-flex e-con e-child\" data-id=\"320d78eb\" data-element_type=\"container\" data-e-type=\"container\">\n\t\t<div class=\"elementor-element elementor-element-37d66adb e-con-full e-flex elementor-invisible e-con e-child\" data-id=\"37d66adb\" data-element_type=\"container\" data-e-type=\"container\" data-settings=\"{&quot;background_background&quot;:&quot;classic&quot;,&quot;animation&quot;:&quot;fadeInRight&quot;}\">\n\t\t\t\t<div class=\"elementor-element elementor-element-60053d3 elementor-widget__width-initial elementor-widget-mobile__width-inherit elementor-widget elementor-widget-text-editor\" data-id=\"60053d3\" data-element_type=\"widget\" data-e-type=\"widget\" data-widget_type=\"text-editor.default\">\n\t\t\t\t\t\t\t\t\t<p><span data-contrast=\"auto\">This educational learning consultancy was created for families who want to understand learning challenges, neurodivergence, and academic struggles. It is a place for institutions to find structured ways to improve their students&#8217; lives.<\/span><span data-ccp-props=\"{}\">\u00a0<\/span><\/p><p><span data-ccp-props=\"{}\">\u00a0<\/span><span data-contrast=\"auto\">At\u00a0Serenga\u00ef, we work with the belief that struggling in school does not measure intelligence. Many children and young adults who have learning challenges or are neurodivergent have remarkable abilities. What they\u00a0don\u2019t\u00a0have is a proper support system, tailored learning strategies, and an environment that supports how they process, organize, and engage with information.\u00a0<\/span><span data-ccp-props=\"{}\">\u00a0<\/span><\/p><p><span data-ccp-props=\"{}\">\u00a0<\/span><span data-contrast=\"auto\">Like a garden, growth depends on the right conditions. With structure, patience, and the right tools, children flourish. With structure, patience, and the right tools, children develop confidence, autonomy, and resilience. Our role is to help create those conditions.<\/span><span data-ccp-props=\"{}\">\u00a0<\/span><\/p>\t\t\t\t\t\t\t\t<\/div>\n\t\t\t\t<\/div>\n\t\t<div class=\"elementor-element elementor-element-156f64a e-con-full animated-slow e-flex elementor-invisible e-con e-child\" data-id=\"156f64a\" data-element_type=\"container\" data-e-type=\"container\" data-settings=\"{&quot;background_background&quot;:&quot;classic&quot;,&quot;animation&quot;:&quot;fadeInRight&quot;}\">\n\t\t\t\t<div class=\"elementor-element elementor-element-a7f54c6 elementor-widget elementor-widget-heading\" data-id=\"a7f54c6\" data-element_type=\"widget\" data-e-type=\"widget\" data-widget_type=\"heading.default\">\n\t\t\t\t\t<h4 class=\"elementor-heading-title elementor-size-default\">Notre mission<\/h4>\t\t\t\t<\/div>\n\t\t\t\t<div class=\"elementor-element elementor-element-6bcbf92 elementor-widget__width-initial elementor-widget-mobile__width-inherit elementor-widget elementor-widget-text-editor\" data-id=\"6bcbf92\" data-element_type=\"widget\" data-e-type=\"widget\" data-widget_type=\"text-editor.default\">\n\t\t\t\t\t\t\t\t\t<p><span data-contrast=\"auto\">We guide children, young adults, families, and educational institutions in building practical learning strategies that transform struggle into structure.<\/span><span data-ccp-props=\"{}\">\u00a0<\/span><\/p><p><span data-contrast=\"auto\">Our work connects children, parents, caregivers, and institutions so that no one carries the weight of this responsibility alone. Learning improves when communication is clear, strategies are aligned, and every person understands their role in supporting growth.<\/span><span data-ccp-props=\"{&quot;335559738&quot;:240,&quot;335559739&quot;:240}\">\u00a0<\/span><\/p>\t\t\t\t\t\t\t\t<\/div>\n\t\t\t\t<\/div>\n\t\t\t\t<\/div>\n\t\t\t\t<\/div>\n\t\t\t\t<div class=\"elementor-element elementor-element-543c2d06 elementor-widget elementor-widget-spacer\" data-id=\"543c2d06\" data-element_type=\"widget\" data-e-type=\"widget\" data-widget_type=\"spacer.default\">\n\t\t\t\t\t\t\t<div class=\"elementor-spacer\">\n\t\t\t<div class=\"elementor-spacer-inner\"><\/div>\n\t\t<\/div>\n\t\t\t\t\t\t<\/div>\n\t\t\t\t\t<\/div>\n\t\t\t\t<\/div>\n\t\t<div class=\"elementor-element elementor-element-584201d elementor-hidden-desktop elementor-hidden-tablet elementor-hidden-mobile e-flex e-con-boxed e-con e-parent\" data-id=\"584201d\" data-element_type=\"container\" data-e-type=\"container\" data-settings=\"{&quot;background_background&quot;:&quot;classic&quot;}\">\n\t\t\t\t\t<div class=\"e-con-inner\">\n\t\t\t\t<div class=\"elementor-element elementor-element-6bdef7e elementor-headline--style-highlight elementor-invisible elementor-widget elementor-widget-animated-headline\" data-id=\"6bdef7e\" data-element_type=\"widget\" data-e-type=\"widget\" data-settings=\"{&quot;_animation&quot;:&quot;fadeIn&quot;,&quot;headline_style&quot;:&quot;highlight&quot;,&quot;marker&quot;:&quot;circle&quot;,&quot;loop&quot;:&quot;yes&quot;,&quot;highlight_animation_duration&quot;:1200,&quot;highlight_iteration_delay&quot;:8000}\" data-widget_type=\"animated-headline.default\">\n\t\t\t\t\t\t\t<h2 class=\"elementor-headline\">\n\t\t\t\t\t<span class=\"elementor-headline-plain-text elementor-headline-text-wrapper\">Un lien pour les parents, un soutien pour les enfants <\/span>\n\t\t\t\t<span class=\"elementor-headline-dynamic-wrapper elementor-headline-text-wrapper\">\n\t\t\t\t<\/span>\n\t\t\t\t<\/h2>\n\t\t\t\t\t\t<\/div>\n\t\t\t\t<div class=\"elementor-element elementor-element-ed2baa8 elementor-widget__width-initial elementor-widget-mobile__width-inherit elementor-widget elementor-widget-text-editor\" data-id=\"ed2baa8\" data-element_type=\"widget\" data-e-type=\"widget\" data-widget_type=\"text-editor.default\">\n\t\t\t\t\t\t\t\t\t<p><span data-contrast=\"auto\">Many parents come to\u00a0Serenga\u00ef\u00a0anxious, guilty, exhausted, or fearful about their child\u2019s future. You may worry that your child is falling behind and question whether you are doing enough.\u00a0<\/span><span data-ccp-props=\"{&quot;335559738&quot;:240,&quot;335559739&quot;:240}\">\u00a0<\/span><\/p><p><span data-contrast=\"auto\">Ici, votre exp\u00e9rience est accueillie avec compr\u00e9hension.<\/span><span data-ccp-props=\"{&quot;335559738&quot;:240,&quot;335559739&quot;:240}\">\u00a0<\/span><\/p><p><span data-contrast=\"auto\">The right support is structured and\u00a0practical, but\u00a0is created humanely. We listen carefully, create clear plans, and build tools that can be used at home and in school.\u00a0<\/span><span data-ccp-props=\"{&quot;335559738&quot;:240,&quot;335559739&quot;:240}\">\u00a0<\/span><\/p><p><span data-contrast=\"auto\">Progressivement, la tension s\u2019apaise, la confusion laisse place \u00e0 des \u00e9tapes concr\u00e8tes, et les progr\u00e8s deviennent visibles.<\/span><span data-ccp-props=\"{&quot;335559738&quot;:240,&quot;335559739&quot;:240}\">\u00a0<\/span><\/p>\t\t\t\t\t\t\t\t<\/div>\n\t\t\t\t<div class=\"elementor-element elementor-element-79c42bc elementor-widget elementor-widget-spacer\" data-id=\"79c42bc\" data-element_type=\"widget\" data-e-type=\"widget\" data-widget_type=\"spacer.default\">\n\t\t\t\t\t\t\t<div class=\"elementor-spacer\">\n\t\t\t<div class=\"elementor-spacer-inner\"><\/div>\n\t\t<\/div>\n\t\t\t\t\t\t<\/div>\n\t\t<div class=\"elementor-element elementor-element-3f10b0f e-con-full e-flex e-con e-child\" data-id=\"3f10b0f\" data-element_type=\"container\" data-e-type=\"container\">\n\t\t<div class=\"elementor-element elementor-element-87e09ae e-con-full animated-slow e-flex elementor-invisible e-con e-child\" data-id=\"87e09ae\" data-element_type=\"container\" data-e-type=\"container\" data-settings=\"{&quot;background_background&quot;:&quot;classic&quot;,&quot;animation&quot;:&quot;fadeInRight&quot;}\">\n\t\t\t\t<div class=\"elementor-element elementor-element-ecb54c5 elementor-widget elementor-widget-heading\" data-id=\"ecb54c5\" data-element_type=\"widget\" data-e-type=\"widget\" data-widget_type=\"heading.default\">\n\t\t\t\t\t<h4 class=\"elementor-heading-title elementor-size-default\">Chez Serenga\u00ef, votre enfant d\u00e9veloppe <\/h4>\t\t\t\t<\/div>\n\t\t\t\t<div class=\"elementor-element elementor-element-c58833c elementor-align-start elementor-icon-list--layout-traditional elementor-list-item-link-full_width elementor-widget elementor-widget-icon-list\" data-id=\"c58833c\" data-element_type=\"widget\" data-e-type=\"widget\" data-widget_type=\"icon-list.default\">\n\t\t\t\t\t\t\t<ul class=\"elementor-icon-list-items\">\n\t\t\t\t\t\t\t<li class=\"elementor-icon-list-item\">\n\t\t\t\t\t\t\t\t\t\t\t<span class=\"elementor-icon-list-icon\">\n\t\t\t\t\t\t\t<svg aria-hidden=\"true\" class=\"e-font-icon-svg e-fas-check-circle\" viewbox=\"0 0 512 512\" xmlns=\"http:\/\/www.w3.org\/2000\/svg\"><path d=\"M504 256c0 136.967-111.033 248-248 248S8 392.967 8 256 119.033 8 256 8s248 111.033 248 248zM227.314 387.314l184-184c6.248-6.248 6.248-16.379 0-22.627l-22.627-22.627c-6.248-6.249-16.379-6.249-22.628 0L216 308.118l-70.059-70.059c-6.248-6.248-16.379-6.248-22.628 0l-22.627 22.627c-6.248 6.248-6.248 16.379 0 22.627l104 104c6.249 6.249 16.379 6.249 22.628.001z\"><\/path><\/svg>\t\t\t\t\t\t<\/span>\n\t\t\t\t\t\t\t\t\t\t<span class=\"elementor-icon-list-text\">Outils pour les fonctions ex\u00e9cutives <\/span>\n\t\t\t\t\t\t\t\t\t<\/li>\n\t\t\t\t\t\t\t\t<li class=\"elementor-icon-list-item\">\n\t\t\t\t\t\t\t\t\t\t\t<span class=\"elementor-icon-list-icon\">\n\t\t\t\t\t\t\t<svg aria-hidden=\"true\" class=\"e-font-icon-svg e-fas-check-circle\" viewbox=\"0 0 512 512\" xmlns=\"http:\/\/www.w3.org\/2000\/svg\"><path d=\"M504 256c0 136.967-111.033 248-248 248S8 392.967 8 256 119.033 8 256 8s248 111.033 248 248zM227.314 387.314l184-184c6.248-6.248 6.248-16.379 0-22.627l-22.627-22.627c-6.248-6.249-16.379-6.249-22.628 0L216 308.118l-70.059-70.059c-6.248-6.248-16.379-6.248-22.628 0l-22.627 22.627c-6.248 6.248-6.248 16.379 0 22.627l104 104c6.249 6.249 16.379 6.249 22.628.001z\"><\/path><\/svg>\t\t\t\t\t\t<\/span>\n\t\t\t\t\t\t\t\t\t\t<span class=\"elementor-icon-list-text\">Organisation et m\u00e9thodes de travail <\/span>\n\t\t\t\t\t\t\t\t\t<\/li>\n\t\t\t\t\t\t\t\t<li class=\"elementor-icon-list-item\">\n\t\t\t\t\t\t\t\t\t\t\t<span class=\"elementor-icon-list-icon\">\n\t\t\t\t\t\t\t<svg aria-hidden=\"true\" class=\"e-font-icon-svg e-fas-check-circle\" viewbox=\"0 0 512 512\" xmlns=\"http:\/\/www.w3.org\/2000\/svg\"><path d=\"M504 256c0 136.967-111.033 248-248 248S8 392.967 8 256 119.033 8 256 8s248 111.033 248 248zM227.314 387.314l184-184c6.248-6.248 6.248-16.379 0-22.627l-22.627-22.627c-6.248-6.249-16.379-6.249-22.628 0L216 308.118l-70.059-70.059c-6.248-6.248-16.379-6.248-22.628 0l-22.627 22.627c-6.248 6.248-6.248 16.379 0 22.627l104 104c6.249 6.249 16.379 6.249 22.628.001z\"><\/path><\/svg>\t\t\t\t\t\t<\/span>\n\t\t\t\t\t\t\t\t\t\t<span class=\"elementor-icon-list-text\">une meilleure r\u00e9gulation \u00e9motionnelle dans les situations d\u2019apprentissage <\/span>\n\t\t\t\t\t\t\t\t\t<\/li>\n\t\t\t\t\t\t\t\t<li class=\"elementor-icon-list-item\">\n\t\t\t\t\t\t\t\t\t\t\t<span class=\"elementor-icon-list-icon\">\n\t\t\t\t\t\t\t<svg aria-hidden=\"true\" class=\"e-font-icon-svg e-fas-check-circle\" viewbox=\"0 0 512 512\" xmlns=\"http:\/\/www.w3.org\/2000\/svg\"><path d=\"M504 256c0 136.967-111.033 248-248 248S8 392.967 8 256 119.033 8 256 8s248 111.033 248 248zM227.314 387.314l184-184c6.248-6.248 6.248-16.379 0-22.627l-22.627-22.627c-6.248-6.249-16.379-6.249-22.628 0L216 308.118l-70.059-70.059c-6.248-6.248-16.379-6.248-22.628 0l-22.627 22.627c-6.248 6.248-6.248 16.379 0 22.627l104 104c6.249 6.249 16.379 6.249 22.628.001z\"><\/path><\/svg>\t\t\t\t\t\t<\/span>\n\t\t\t\t\t\t\t\t\t\t<span class=\"elementor-icon-list-text\">Plus de confiance et d\u2019autonomie <\/span>\n\t\t\t\t\t\t\t\t\t<\/li>\n\t\t\t\t\t\t<\/ul>\n\t\t\t\t\t\t<\/div>\n\t\t\t\t<\/div>\n\t\t<div class=\"elementor-element elementor-element-8fb16ae e-con-full animated-slow e-flex elementor-invisible e-con e-child\" data-id=\"8fb16ae\" data-element_type=\"container\" data-e-type=\"container\" data-settings=\"{&quot;background_background&quot;:&quot;classic&quot;,&quot;animation&quot;:&quot;fadeInRight&quot;}\">\n\t\t\t\t<div class=\"elementor-element elementor-element-85dab15 elementor-widget elementor-widget-heading\" data-id=\"85dab15\" data-element_type=\"widget\" data-e-type=\"widget\" data-widget_type=\"heading.default\">\n\t\t\t\t\t<h4 class=\"elementor-heading-title elementor-size-default\">Les parents b\u00e9n\u00e9ficient de <\/h4>\t\t\t\t<\/div>\n\t\t\t\t<div class=\"elementor-element elementor-element-fc3dfc0 elementor-align-start elementor-icon-list--layout-traditional elementor-list-item-link-full_width elementor-widget elementor-widget-icon-list\" data-id=\"fc3dfc0\" data-element_type=\"widget\" data-e-type=\"widget\" data-widget_type=\"icon-list.default\">\n\t\t\t\t\t\t\t<ul class=\"elementor-icon-list-items\">\n\t\t\t\t\t\t\t<li class=\"elementor-icon-list-item\">\n\t\t\t\t\t\t\t\t\t\t\t<span class=\"elementor-icon-list-icon\">\n\t\t\t\t\t\t\t<svg aria-hidden=\"true\" class=\"e-font-icon-svg e-fas-check-circle\" viewbox=\"0 0 512 512\" xmlns=\"http:\/\/www.w3.org\/2000\/svg\"><path d=\"M504 256c0 136.967-111.033 248-248 248S8 392.967 8 256 119.033 8 256 8s248 111.033 248 248zM227.314 387.314l184-184c6.248-6.248 6.248-16.379 0-22.627l-22.627-22.627c-6.248-6.249-16.379-6.249-22.628 0L216 308.118l-70.059-70.059c-6.248-6.248-16.379-6.248-22.628 0l-22.627 22.627c-6.248 6.248-6.248 16.379 0 22.627l104 104c6.249 6.249 16.379 6.249 22.628.001z\"><\/path><\/svg>\t\t\t\t\t\t<\/span>\n\t\t\t\t\t\t\t\t\t\t<span class=\"elementor-icon-list-text\">Rep\u00e8res clairs <\/span>\n\t\t\t\t\t\t\t\t\t<\/li>\n\t\t\t\t\t\t\t\t<li class=\"elementor-icon-list-item\">\n\t\t\t\t\t\t\t\t\t\t\t<span class=\"elementor-icon-list-icon\">\n\t\t\t\t\t\t\t<svg aria-hidden=\"true\" class=\"e-font-icon-svg e-fas-check-circle\" viewbox=\"0 0 512 512\" xmlns=\"http:\/\/www.w3.org\/2000\/svg\"><path d=\"M504 256c0 136.967-111.033 248-248 248S8 392.967 8 256 119.033 8 256 8s248 111.033 248 248zM227.314 387.314l184-184c6.248-6.248 6.248-16.379 0-22.627l-22.627-22.627c-6.248-6.249-16.379-6.249-22.628 0L216 308.118l-70.059-70.059c-6.248-6.248-16.379-6.248-22.628 0l-22.627 22.627c-6.248 6.248-6.248 16.379 0 22.627l104 104c6.249 6.249 16.379 6.249 22.628.001z\"><\/path><\/svg>\t\t\t\t\t\t<\/span>\n\t\t\t\t\t\t\t\t\t\t<span class=\"elementor-icon-list-text\">Strat\u00e9gies et outils concrets <\/span>\n\t\t\t\t\t\t\t\t\t<\/li>\n\t\t\t\t\t\t\t\t<li class=\"elementor-icon-list-item\">\n\t\t\t\t\t\t\t\t\t\t\t<span class=\"elementor-icon-list-icon\">\n\t\t\t\t\t\t\t<svg aria-hidden=\"true\" class=\"e-font-icon-svg e-fas-check-circle\" viewbox=\"0 0 512 512\" xmlns=\"http:\/\/www.w3.org\/2000\/svg\"><path d=\"M504 256c0 136.967-111.033 248-248 248S8 392.967 8 256 119.033 8 256 8s248 111.033 248 248zM227.314 387.314l184-184c6.248-6.248 6.248-16.379 0-22.627l-22.627-22.627c-6.248-6.249-16.379-6.249-22.628 0L216 308.118l-70.059-70.059c-6.248-6.248-16.379-6.248-22.628 0l-22.627 22.627c-6.248 6.248-6.248 16.379 0 22.627l104 104c6.249 6.249 16.379 6.249 22.628.001z\"><\/path><\/svg>\t\t\t\t\t\t<\/span>\n\t\t\t\t\t\t\t\t\t\t<span class=\"elementor-icon-list-text\">Une diminution des tensions \u00e0 la maison <\/span>\n\t\t\t\t\t\t\t\t\t<\/li>\n\t\t\t\t\t\t\t\t<li class=\"elementor-icon-list-item\">\n\t\t\t\t\t\t\t\t\t\t\t<span class=\"elementor-icon-list-icon\">\n\t\t\t\t\t\t\t<svg aria-hidden=\"true\" class=\"e-font-icon-svg e-fas-check-circle\" viewbox=\"0 0 512 512\" xmlns=\"http:\/\/www.w3.org\/2000\/svg\"><path d=\"M504 256c0 136.967-111.033 248-248 248S8 392.967 8 256 119.033 8 256 8s248 111.033 248 248zM227.314 387.314l184-184c6.248-6.248 6.248-16.379 0-22.627l-22.627-22.627c-6.248-6.249-16.379-6.249-22.628 0L216 308.118l-70.059-70.059c-6.248-6.248-16.379-6.248-22.628 0l-22.627 22.627c-6.248 6.248-6.248 16.379 0 22.627l104 104c6.249 6.249 16.379 6.249 22.628.001z\"><\/path><\/svg>\t\t\t\t\t\t<\/span>\n\t\t\t\t\t\t\t\t\t\t<span class=\"elementor-icon-list-text\">La reassurance que le parcours de leur enfant a du sens <\/span>\n\t\t\t\t\t\t\t\t\t<\/li>\n\t\t\t\t\t\t<\/ul>\n\t\t\t\t\t\t<\/div>\n\t\t\t\t<\/div>\n\t\t\t\t<\/div>\n\t\t\t\t<div class=\"elementor-element elementor-element-6fc2413 elementor-widget elementor-widget-spacer\" data-id=\"6fc2413\" data-element_type=\"widget\" data-e-type=\"widget\" data-widget_type=\"spacer.default\">\n\t\t\t\t\t\t\t<div class=\"elementor-spacer\">\n\t\t\t<div class=\"elementor-spacer-inner\"><\/div>\n\t\t<\/div>\n\t\t\t\t\t\t<\/div>\n\t\t\t\t<div class=\"elementor-element elementor-element-c23f104 elementor-widget elementor-widget-text-editor\" data-id=\"c23f104\" data-element_type=\"widget\" data-e-type=\"widget\" data-widget_type=\"text-editor.default\">\n\t\t\t\t\t\t\t\t\t<p><span class=\"TextRun SCXW242335664 BCX0\" lang=\"EN\" xml:lang=\"EN\" data-contrast=\"auto\"><span class=\"NormalTextRun SCXW242335664 BCX0\">The goal is to help them become independent in the long-term, not a short-term rescue for their academic success.<\/span><\/span><span class=\"EOP SCXW242335664 BCX0\" data-ccp-props=\"{&quot;335559738&quot;:240,&quot;335559739&quot;:240}\">\u00a0<\/span><\/p>\t\t\t\t\t\t\t\t<\/div>\n\t\t\t\t<div class=\"elementor-element elementor-element-a4a58e0 elementor-align-center elementor-widget elementor-widget-button\" data-id=\"a4a58e0\" data-element_type=\"widget\" data-e-type=\"widget\" data-widget_type=\"button.default\">\n\t\t\t\t\t\t\t\t\t\t<a class=\"elementor-button elementor-button-link elementor-size-sm\" href=\"https:\/\/serengai.ch\/fr\/contact-us\/\">\n\t\t\t\t\t\t<span class=\"elementor-button-content-wrapper\">\n\t\t\t\t\t\t\t\t\t<span class=\"elementor-button-text\">R\u00e9server une consultation<\/span>\n\t\t\t\t\t<\/span>\n\t\t\t\t\t<\/a>\n\t\t\t\t\t\t\t\t<\/div>\n\t\t\t\t\t<\/div>\n\t\t\t\t<\/div>\n\t\t<div class=\"elementor-element elementor-element-5b3ee4e e-flex e-con-boxed e-con e-parent\" data-id=\"5b3ee4e\" data-element_type=\"container\" data-e-type=\"container\" data-settings=\"{&quot;background_background&quot;:&quot;classic&quot;}\">\n\t\t\t\t\t<div class=\"e-con-inner\">\n\t\t\t\t<div class=\"elementor-element elementor-element-f8e5c7f elementor-widget elementor-widget-heading\" data-id=\"f8e5c7f\" data-element_type=\"widget\" data-e-type=\"widget\" data-widget_type=\"heading.default\">\n\t\t\t\t\t<h6 class=\"elementor-heading-title elementor-size-default\">RENCONTRER BLANDINE OLLER PERRET <\/h6>\t\t\t\t<\/div>\n\t\t\t\t<div class=\"elementor-element elementor-element-1c11ecf elementor-widget elementor-widget-heading\" data-id=\"1c11ecf\" data-element_type=\"widget\" data-e-type=\"widget\" data-widget_type=\"heading.default\">\n\t\t\t\t\t<h2 class=\"elementor-heading-title elementor-size-default\">Fondatrice de Serenga\u00ef et <br> Consultante en Strat\u00e9gies d\u2019Apprentissage<\/h2>\t\t\t\t<\/div>\n\t\t\t\t<div class=\"elementor-element elementor-element-b62e6e2 elementor-widget__width-initial elementor-widget-mobile__width-inherit elementor-widget elementor-widget-text-editor\" data-id=\"b62e6e2\" data-element_type=\"widget\" data-e-type=\"widget\" data-widget_type=\"text-editor.default\">\n\t\t\t\t\t\t\t\t\t<p><span data-contrast=\"auto\">Ce cabinet est profond\u00e9ment personnel pour notre fondatrice. <\/span><span data-contrast=\"auto\">Blandine Oller Perret est elle-m\u00eame neurodivergente. Elle conna\u00eet de l\u2019int\u00e9rieur ce que signifie \u00e9voluer dans des syst\u00e8mes qui ne sont pas pens\u00e9s pour son mode d\u2019apprentissage. Elle comprend l\u2019effort discret n\u00e9cessaire pour s\u2019adapter, d\u00e9coder les attentes et trouver sa propre voie.<\/span><span data-ccp-props=\"{&quot;335559738&quot;:240,&quot;335559739&quot;:240}\">\u00a0<\/span><\/p>\t\t\t\t\t\t\t\t<\/div>\n\t\t<div class=\"elementor-element elementor-element-12cba2e e-con-full e-flex e-con e-child\" data-id=\"12cba2e\" data-element_type=\"container\" data-e-type=\"container\">\n\t\t<div class=\"elementor-element elementor-element-7542fe3 e-con-full e-flex e-con e-child\" data-id=\"7542fe3\" data-element_type=\"container\" data-e-type=\"container\">\n\t\t\t\t<div class=\"elementor-element elementor-element-213f647 elementor-widget elementor-widget-image\" data-id=\"213f647\" data-element_type=\"widget\" data-e-type=\"widget\" data-widget_type=\"image.default\">\n\t\t\t\t\t\t\t\t\t\t\t\t\t\t\t<img decoding=\"async\" width=\"800\" height=\"533\" src=\"https:\/\/serengai.ch\/wp-content\/uploads\/2024\/10\/Blandine_2024_01-1024x682.jpg\" class=\"attachment-large size-large wp-image-923\" alt=\"\" srcset=\"https:\/\/serengai.ch\/wp-content\/uploads\/2024\/10\/Blandine_2024_01-1024x682.jpg 1024w, https:\/\/serengai.ch\/wp-content\/uploads\/2024\/10\/Blandine_2024_01-300x200.jpg 300w, https:\/\/serengai.ch\/wp-content\/uploads\/2024\/10\/Blandine_2024_01-768x511.jpg 768w, https:\/\/serengai.ch\/wp-content\/uploads\/2024\/10\/Blandine_2024_01-1536x1022.jpg 1536w, https:\/\/serengai.ch\/wp-content\/uploads\/2024\/10\/Blandine_2024_01.jpg 1600w\" sizes=\"(max-width: 800px) 100vw, 800px\" data-attachment-id=\"923\" data-permalink=\"https:\/\/serengai.ch\/about\/blandine-personal-branding-24\/\" data-orig-file=\"https:\/\/serengai.ch\/wp-content\/uploads\/2024\/10\/Blandine_2024_01.jpg\" data-orig-size=\"1600,1065\" data-comments-opened=\"1\" data-image-meta=\"{&quot;aperture&quot;:&quot;3.2&quot;,&quot;credit&quot;:&quot;C\\u00e9line \\u0026amp; Thibaut DELIGEY&quot;,&quot;camera&quot;:&quot;NIKON Z 6&quot;,&quot;caption&quot;:&quot;&quot;,&quot;created_timestamp&quot;:&quot;1724082731&quot;,&quot;copyright&quot;:&quot;\\u00a9 2024 C\\u00e9line \\u0026amp; Thibaut DELIGEY, all rights reserved.&quot;,&quot;focal_length&quot;:&quot;50&quot;,&quot;iso&quot;:&quot;400&quot;,&quot;shutter_speed&quot;:&quot;0.00125&quot;,&quot;title&quot;:&quot;Blandine - Personal Branding&quot;,&quot;orientation&quot;:&quot;1&quot;}\" data-image-title=\"Blandine &amp;#8211; Personal Branding\" data-image-description=\"\" data-image-caption=\"\" data-large-file=\"https:\/\/serengai.ch\/wp-content\/uploads\/2024\/10\/Blandine_2024_01-1024x682.jpg\" \/>\t\t\t\t\t\t\t\t\t\t\t\t\t\t\t<\/div>\n\t\t\t\t<\/div>\n\t\t<div class=\"elementor-element elementor-element-6e8d68c e-con-full e-flex e-con e-child\" data-id=\"6e8d68c\" data-element_type=\"container\" data-e-type=\"container\">\n\t\t\t\t<div class=\"elementor-element elementor-element-2e9074d elementor-widget elementor-widget-image\" data-id=\"2e9074d\" data-element_type=\"widget\" data-e-type=\"widget\" data-widget_type=\"image.default\">\n\t\t\t\t\t\t\t\t\t\t\t\t\t\t\t<img decoding=\"async\" width=\"681\" height=\"1024\" src=\"https:\/\/serengai.ch\/wp-content\/uploads\/2024\/10\/Blandine_Bonus_Nature_2024_08-1-681x1024.jpg\" class=\"attachment-large size-large wp-image-1124\" alt=\"\" srcset=\"https:\/\/serengai.ch\/wp-content\/uploads\/2024\/10\/Blandine_Bonus_Nature_2024_08-1-681x1024.jpg 681w, https:\/\/serengai.ch\/wp-content\/uploads\/2024\/10\/Blandine_Bonus_Nature_2024_08-1-200x300.jpg 200w, https:\/\/serengai.ch\/wp-content\/uploads\/2024\/10\/Blandine_Bonus_Nature_2024_08-1-768x1155.jpg 768w, https:\/\/serengai.ch\/wp-content\/uploads\/2024\/10\/Blandine_Bonus_Nature_2024_08-1-1021x1536.jpg 1021w, https:\/\/serengai.ch\/wp-content\/uploads\/2024\/10\/Blandine_Bonus_Nature_2024_08-1.jpg 1064w\" sizes=\"(max-width: 681px) 100vw, 681px\" data-attachment-id=\"1124\" data-permalink=\"https:\/\/serengai.ch\/services-2\/blandine-personal-branding-33\/\" data-orig-file=\"https:\/\/serengai.ch\/wp-content\/uploads\/2024\/10\/Blandine_Bonus_Nature_2024_08-1.jpg\" data-orig-size=\"1064,1600\" data-comments-opened=\"1\" data-image-meta=\"{&quot;aperture&quot;:&quot;5&quot;,&quot;credit&quot;:&quot;C\\u00e9line \\u0026amp; Thibaut DELIGEY&quot;,&quot;camera&quot;:&quot;NIKON Z 6&quot;,&quot;caption&quot;:&quot;&quot;,&quot;created_timestamp&quot;:&quot;1724091700&quot;,&quot;copyright&quot;:&quot;\\u00a9 2024 C\\u00e9line \\u0026amp; Thibaut DELIGEY, all rights reserved.&quot;,&quot;focal_length&quot;:&quot;85&quot;,&quot;iso&quot;:&quot;500&quot;,&quot;shutter_speed&quot;:&quot;0.00625&quot;,&quot;title&quot;:&quot;Blandine - Personal Branding&quot;,&quot;orientation&quot;:&quot;1&quot;}\" data-image-title=\"Blandine &amp;#8211; Personal Branding\" data-image-description=\"\" data-image-caption=\"\" data-large-file=\"https:\/\/serengai.ch\/wp-content\/uploads\/2024\/10\/Blandine_Bonus_Nature_2024_08-1-681x1024.jpg\" \/>\t\t\t\t\t\t\t\t\t\t\t\t\t\t\t<\/div>\n\t\t\t\t<\/div>\n\t\t<div class=\"elementor-element elementor-element-50fbc92 e-con-full e-flex e-con e-child\" data-id=\"50fbc92\" data-element_type=\"container\" data-e-type=\"container\">\n\t\t\t\t<div class=\"elementor-element elementor-element-00d902c elementor-widget elementor-widget-image\" data-id=\"00d902c\" data-element_type=\"widget\" data-e-type=\"widget\" data-widget_type=\"image.default\">\n\t\t\t\t\t\t\t\t\t\t\t\t\t\t\t<img loading=\"lazy\" decoding=\"async\" width=\"682\" height=\"1024\" src=\"https:\/\/serengai.ch\/wp-content\/uploads\/2024\/10\/blandine_2024_50_websize.jpg\" class=\"attachment-large size-large wp-image-63\" alt=\"\" data-attachment-id=\"63\" data-permalink=\"https:\/\/serengai.ch\/blandine-personal-branding-18\/\" data-orig-file=\"https:\/\/serengai.ch\/wp-content\/uploads\/2024\/10\/blandine_2024_50_websize.jpg\" data-orig-size=\"1065,1600\" data-comments-opened=\"1\" data-image-meta=\"{&quot;aperture&quot;:&quot;2.8&quot;,&quot;credit&quot;:&quot;C\\u00e9line \\u0026amp; Thibaut DELIGEY&quot;,&quot;camera&quot;:&quot;NIKON Z 6&quot;,&quot;caption&quot;:&quot;&quot;,&quot;created_timestamp&quot;:&quot;1724090904&quot;,&quot;copyright&quot;:&quot;\\u00a9 2024 C\\u00e9line \\u0026amp; Thibaut DELIGEY, all rights reserved.&quot;,&quot;focal_length&quot;:&quot;85&quot;,&quot;iso&quot;:&quot;500&quot;,&quot;shutter_speed&quot;:&quot;0.00125&quot;,&quot;title&quot;:&quot;Blandine - Personal Branding&quot;,&quot;orientation&quot;:&quot;1&quot;}\" data-image-title=\"Blandine &amp;#8211; Personal Branding\" data-image-description=\"\" data-image-caption=\"\" data-large-file=\"https:\/\/serengai.ch\/wp-content\/uploads\/2024\/10\/blandine_2024_50_websize.jpg\" \/>\t\t\t\t\t\t\t\t\t\t\t\t\t\t\t<\/div>\n\t\t\t\t<\/div>\n\t\t\t\t<\/div>\n\t\t<div class=\"elementor-element elementor-element-42d6c26 e-con-full e-flex e-con e-child\" data-id=\"42d6c26\" data-element_type=\"container\" data-e-type=\"container\">\n\t\t<div class=\"elementor-element elementor-element-7ca91b6 e-con-full e-flex e-con e-child\" data-id=\"7ca91b6\" data-element_type=\"container\" data-e-type=\"container\">\n\t\t\t\t<div class=\"elementor-element elementor-element-4343289 elementor-widget__width-inherit elementor-widget-mobile__width-inherit elementor-widget elementor-widget-text-editor\" data-id=\"4343289\" data-element_type=\"widget\" data-e-type=\"widget\" data-widget_type=\"text-editor.default\">\n\t\t\t\t\t\t\t\t\t<p>Son parcours professionnel s\u2019est construit \u00e0 partir de son exp\u00e9rience, enrichie par un Master et plusieurs ann\u00e9es d\u2019\u00e9tude d\u00e9di\u00e9es aux m\u00e9thodes d\u2019apprentissage alternatives (m\u00e9thode ALOE, travaux de Steve Chinn, p\u00e9dagogie Maria Montessori\u2026), ainsi qu\u2019une formation en psychop\u00e9dagogie aupr\u00e8s de Louis-Adrien Eynard au centre PsychoPedia.\nElle est \u00e9galement form\u00e9e \u00e0 la PNL aupr\u00e8s de ses fondateurs, Richard Bandler et John Grinder.<\/p>\t\t\t\t\t\t\t\t<\/div>\n\t\t\t\t<\/div>\n\t\t<div class=\"elementor-element elementor-element-ae2afd3 e-con-full e-flex e-con e-child\" data-id=\"ae2afd3\" data-element_type=\"container\" data-e-type=\"container\">\n\t\t\t\t<div class=\"elementor-element elementor-element-cb16eb4 elementor-widget__width-inherit elementor-widget-mobile__width-inherit elementor-widget elementor-widget-text-editor\" data-id=\"cb16eb4\" data-element_type=\"widget\" data-e-type=\"widget\" data-widget_type=\"text-editor.default\">\n\t\t\t\t\t\t\t\t\t<p data-start=\"587\" data-end=\"1081\">Au-del\u00e0 de son parcours, c\u2019est sa vision qui guide son travail. Elle consid\u00e8re que chacun apprend diff\u00e9remment, et que ces diff\u00e9rences ne sont pas des limites \u00e0 corriger, mais des forces \u00e0 comprendre et \u00e0 structurer. Elle est convaincue que les parents ont besoin de compr\u00e9hension plut\u00f4t que de culpabilit\u00e9, et que les blocages scolaires peuvent concerner tous les profils, neurodivergents ou non.\nElle croit profond\u00e9ment en une collaboration entre les familles et les \u00e9coles au service du d\u00e9veloppement de la nouvelle g\u00e9n\u00e9ration.<\/p>\t\t\t\t\t\t\t\t<\/div>\n\t\t\t\t<\/div>\n\t\t<div class=\"elementor-element elementor-element-2066e66 e-con-full e-flex e-con e-child\" data-id=\"2066e66\" data-element_type=\"container\" data-e-type=\"container\">\n\t\t\t\t<div class=\"elementor-element elementor-element-5d84455 elementor-widget__width-inherit elementor-widget-mobile__width-inherit elementor-widget elementor-widget-text-editor\" data-id=\"5d84455\" data-element_type=\"widget\" data-e-type=\"widget\" data-widget_type=\"text-editor.default\">\n\t\t\t\t\t\t\t\t\t<p data-start=\"1110\" data-end=\"1504\">Sa vision pour Serenga\u00ef est d\u2019en faire une communaut\u00e9 connect\u00e9e : un espace o\u00f9 les jeunes se sentent capables, o\u00f9 les parents se sentent soutenus et o\u00f9 les institutions se sentent outill\u00e9es \u2014 un espace o\u00f9 la progression est \u00e0 la fois durable et ancr\u00e9e dans le r\u00e9el. Avant tout, elle souhaite que chaque famille reparte avec quelque chose de concret : des outils, de la confiance et la certitude que leur enfant peut et va s\u2019\u00e9panouir.<\/p>\t\t\t\t\t\t\t\t<\/div>\n\t\t\t\t<\/div>\n\t\t\t\t<\/div>\n\t\t\t\t<div class=\"elementor-element elementor-element-61d5332 elementor-widget elementor-widget-spacer\" data-id=\"61d5332\" data-element_type=\"widget\" data-e-type=\"widget\" data-widget_type=\"spacer.default\">\n\t\t\t\t\t\t\t<div class=\"elementor-spacer\">\n\t\t\t<div class=\"elementor-spacer-inner\"><\/div>\n\t\t<\/div>\n\t\t\t\t\t\t<\/div>\n\t\t\t\t\t<\/div>\n\t\t\t\t<\/div>\n\t\t<div class=\"elementor-element elementor-element-8a6fe1b e-flex e-con-boxed e-con e-parent\" data-id=\"8a6fe1b\" data-element_type=\"container\" data-e-type=\"container\" data-settings=\"{&quot;background_background&quot;:&quot;classic&quot;}\">\n\t\t\t\t\t<div class=\"e-con-inner\">\n\t\t\t\t<div class=\"elementor-element elementor-element-4b485d6 elementor-widget elementor-widget-heading\" data-id=\"4b485d6\" data-element_type=\"widget\" data-e-type=\"widget\" data-widget_type=\"heading.default\">\n\t\t\t\t\t<h6 class=\"elementor-heading-title elementor-size-default\">ACCOMPAGNER CHAQUE APPRENANT<\/h6>\t\t\t\t<\/div>\n\t\t\t\t<div class=\"elementor-element elementor-element-2533764 elementor-widget elementor-widget-heading\" data-id=\"2533764\" data-element_type=\"widget\" data-e-type=\"widget\" data-widget_type=\"heading.default\">\n\t\t\t\t\t<h2 class=\"elementor-heading-title elementor-size-default\">Rejoignez notre mission <span class=\"circleBG1\">0<\/span>  d' accompagner <br> la nouvelle  <span class=\"circleBG2\">0<\/span>  g\u00e9n\u00e9ration <\/h2>\t\t\t\t<\/div>\n\t\t\t\t<div class=\"elementor-element elementor-element-57867ce elementor-widget__width-initial elementor-widget-mobile__width-inherit elementor-widget elementor-widget-text-editor\" data-id=\"57867ce\" data-element_type=\"widget\" data-e-type=\"widget\" data-widget_type=\"text-editor.default\">\n\t\t\t\t\t\t\t\t\t<p>Rejoignez Serenga\u00ef et contribuez \u00e0 cr\u00e9er un environnement soutenant o\u00f9 les enfants et les jeunes adultes peuvent d\u00e9passer leurs d\u00e9fis d\u2019apprentissage et avancer avec confiance.&nbsp;<span style=\"letter-spacing: var( --e-global-typography-text-letter-spacing );\">Nous recherchons des professionnels engag\u00e9s, sensibles \u00e0 la neurodiversit\u00e9, \u00e0 l\u2019\u00e9ducation et \u00e0 l\u2019accompagnement de la nouvelle g\u00e9n\u00e9ration.<\/span><\/p>\t\t\t\t\t\t\t\t<\/div>\n\t\t\t\t<div class=\"elementor-element elementor-element-dd49c26 elementor-align-center elementor-widget elementor-widget-button\" data-id=\"dd49c26\" data-element_type=\"widget\" data-e-type=\"widget\" data-widget_type=\"button.default\">\n\t\t\t\t\t\t\t\t\t\t<a class=\"elementor-button elementor-button-link elementor-size-sm\" href=\"https:\/\/serengai.ch\/fr\/careers\/\">\n\t\t\t\t\t\t<span class=\"elementor-button-content-wrapper\">\n\t\t\t\t\t\t\t\t\t<span class=\"elementor-button-text\">Participez \u00e0 notre mission<\/span>\n\t\t\t\t\t<\/span>\n\t\t\t\t\t<\/a>\n\t\t\t\t\t\t\t\t<\/div>\n\t\t\t\t<div class=\"elementor-element elementor-element-39e7b31 elementor-widget elementor-widget-spacer\" data-id=\"39e7b31\" data-element_type=\"widget\" data-e-type=\"widget\" data-widget_type=\"spacer.default\">\n\t\t\t\t\t\t\t<div class=\"elementor-spacer\">\n\t\t\t<div class=\"elementor-spacer-inner\"><\/div>\n\t\t<\/div>\n\t\t\t\t\t\t<\/div>\n\t\t\t\t\t<\/div>\n\t\t\t\t<\/div>\n\t\t<div class=\"elementor-element elementor-element-01c6994 elementor-hidden-desktop elementor-hidden-tablet elementor-hidden-mobile e-flex e-con-boxed e-con e-parent\" data-id=\"01c6994\" data-element_type=\"container\" data-e-type=\"container\" data-settings=\"{&quot;background_background&quot;:&quot;classic&quot;}\">\n\t\t\t\t\t<div class=\"e-con-inner\">\n\t\t<div class=\"elementor-element elementor-element-746c048 e-con-full e-flex e-con e-child\" data-id=\"746c048\" data-element_type=\"container\" data-e-type=\"container\">\n\t\t<div class=\"elementor-element elementor-element-fb8b453 e-con-full e-flex e-con e-child\" data-id=\"fb8b453\" data-element_type=\"container\" data-e-type=\"container\">\n\t\t<div class=\"elementor-element elementor-element-cb8c638 e-con-full e-flex e-con e-child\" data-id=\"cb8c638\" data-element_type=\"container\" data-e-type=\"container\">\n\t\t\t\t<div class=\"elementor-element elementor-element-f26ff03 elementor-widget elementor-widget-heading\" data-id=\"f26ff03\" data-element_type=\"widget\" data-e-type=\"widget\" data-widget_type=\"heading.default\">\n\t\t\t\t\t<h6 class=\"elementor-heading-title elementor-size-default\">RENCONTRER BLANDINE OLLER PERRET <\/h6>\t\t\t\t<\/div>\n\t\t\t\t<div class=\"elementor-element elementor-element-c041f4c elementor-headline--style-highlight elementor-invisible elementor-widget elementor-widget-animated-headline\" data-id=\"c041f4c\" data-element_type=\"widget\" data-e-type=\"widget\" data-settings=\"{&quot;_animation&quot;:&quot;fadeIn&quot;,&quot;headline_style&quot;:&quot;highlight&quot;,&quot;marker&quot;:&quot;circle&quot;,&quot;loop&quot;:&quot;yes&quot;,&quot;highlight_animation_duration&quot;:1200,&quot;highlight_iteration_delay&quot;:8000}\" data-widget_type=\"animated-headline.default\">\n\t\t\t\t\t\t\t<h2 class=\"elementor-headline\">\n\t\t\t\t\t<span class=\"elementor-headline-plain-text elementor-headline-text-wrapper\">Serenga\u00ef\u2019s Founder and Learning Strategy Consultant <\/span>\n\t\t\t\t<span class=\"elementor-headline-dynamic-wrapper elementor-headline-text-wrapper\">\n\t\t\t\t<\/span>\n\t\t\t\t<\/h2>\n\t\t\t\t\t\t<\/div>\n\t\t\t\t<\/div>\n\t\t<div class=\"elementor-element elementor-element-755f3bb e-con-full e-flex e-con e-child\" data-id=\"755f3bb\" data-element_type=\"container\" data-e-type=\"container\">\n\t\t\t\t<div class=\"elementor-element elementor-element-8d1fb86 elementor-widget__width-initial elementor-widget-mobile__width-inherit elementor-widget elementor-widget-text-editor\" data-id=\"8d1fb86\" data-element_type=\"widget\" data-e-type=\"widget\" data-widget_type=\"text-editor.default\">\n\t\t\t\t\t\t\t\t\t<p><span data-contrast=\"auto\">This practice is deeply personal to our founder<\/span><span data-ccp-props=\"{&quot;335559738&quot;:240,&quot;335559739&quot;:240}\">\u00a0<\/span><\/p><p><span data-contrast=\"auto\">Blandine Oller Perret est elle-m\u00eame neurodivergente. Elle conna\u00eet de l\u2019int\u00e9rieur ce que signifie \u00e9voluer dans des syst\u00e8mes qui ne sont pas pens\u00e9s pour son mode d\u2019apprentissage. Elle comprend l\u2019effort discret n\u00e9cessaire pour s\u2019adapter, d\u00e9coder les attentes et trouver sa propre voie.<\/span><span data-ccp-props=\"{&quot;335559738&quot;:240,&quot;335559739&quot;:240}\">\u00a0<\/span><\/p>\t\t\t\t\t\t\t\t<\/div>\n\t\t\t\t<\/div>\n\t\t\t\t<\/div>\n\t\t<div class=\"elementor-element elementor-element-ccd4bf8 e-con-full e-flex e-con e-child\" data-id=\"ccd4bf8\" data-element_type=\"container\" data-e-type=\"container\">\n\t\t<div class=\"elementor-element elementor-element-62d0737 e-con-full e-flex e-con e-child\" data-id=\"62d0737\" data-element_type=\"container\" data-e-type=\"container\" data-settings=\"{&quot;background_background&quot;:&quot;classic&quot;}\">\n\t\t\t\t<div class=\"elementor-element elementor-element-a8c963a elementor-widget elementor-widget-spacer\" data-id=\"a8c963a\" data-element_type=\"widget\" data-e-type=\"widget\" data-widget_type=\"spacer.default\">\n\t\t\t\t\t\t\t<div class=\"elementor-spacer\">\n\t\t\t<div class=\"elementor-spacer-inner\"><\/div>\n\t\t<\/div>\n\t\t\t\t\t\t<\/div>\n\t\t\t\t<\/div>\n\t\t<div class=\"elementor-element elementor-element-3ee3375 e-con-full e-flex elementor-invisible e-con e-child\" data-id=\"3ee3375\" data-element_type=\"container\" data-e-type=\"container\" data-settings=\"{&quot;animation&quot;:&quot;fadeInRight&quot;}\">\n\t\t\t\t<div class=\"elementor-element elementor-element-ec06680 elementor-widget__width-initial elementor-widget-mobile__width-inherit elementor-widget elementor-widget-text-editor\" data-id=\"ec06680\" data-element_type=\"widget\" data-e-type=\"widget\" data-widget_type=\"text-editor.default\">\n\t\t\t\t\t\t\t\t\t<p><span data-contrast=\"auto\">Her professional path\u00a0grew from her\u00a0experience combined with a\u00a0Master\u2019s\u00a0degree and years of dedicated study in alternative learning methods\u00a0(ALOE method,\u00a0Steve Chinn, Montessori,\u00a0etc), and an\u00a0additional\u00a0approach as a trained\u00a0psychopedagogue\u00a0with Louis-Adrien\u00a0Eynard\u00a0at the\u00a0PsychoPedia\u00a0Training Center and learning strategies. She is also trained as an NLP practitioner with its two founders, Richard Bandler and John Grinder.<\/span><span data-ccp-props=\"{&quot;335559738&quot;:240,&quot;335559739&quot;:240}\">\u00a0<\/span><\/p><p><span data-contrast=\"auto\">But more than\u00a0her\u00a0qualifications, what defines her work is<\/span><b><i><span data-contrast=\"auto\">\u00a0perspective<\/span><\/i><\/b><span data-contrast=\"auto\">.<\/span><span data-ccp-props=\"{&quot;335559738&quot;:240,&quot;335559739&quot;:240}\">\u00a0<\/span><\/p><p><span data-contrast=\"auto\">She believes every one of us learns differently and that\u00a0<\/span><b><span data-contrast=\"auto\">differences are not deficits\u00a0to be corrected<\/span><\/b><span data-contrast=\"auto\">. They\u00a0are strengths to be understood and structured. She believes that parents need to understand more than to blame themselves and that anyone can be blocked academically, whether they are neurodivergent or not. She believes that schools and families can work together in\u00a0a partnership\u00a0for the growth of our new generation.<\/span><span data-ccp-props=\"{&quot;335559738&quot;:240,&quot;335559739&quot;:240}\">\u00a0<\/span><\/p><p><span data-contrast=\"auto\">Her vision for\u00a0Serenga\u00ef\u00a0is to grow it into a connected community.\u00a0She wants to be the place where the new generation feels capable, parents feel supported, and institutions feel equipped.\u00a0A place where growth is steady and sustainable.<\/span><span data-ccp-props=\"{&quot;335559738&quot;:240,&quot;335559739&quot;:240}\">\u00a0<\/span><\/p><p><span data-contrast=\"auto\">Above all, she\u00a0wants families to leave with something tangible: the tools, confidence, and quiet assurance that their child or young adult can and will thrive.<\/span><\/p>\t\t\t\t\t\t\t\t<\/div>\n\t\t\t\t<\/div>\n\t\t\t\t<\/div>\n\t\t\t\t<\/div>\n\t\t\t\t\t<\/div>\n\t\t\t\t<\/div>\n\t\t\t\t<\/div>","protected":false},"excerpt":{"rendered":"<p>WHO WE ARE A place to 0 nurture strong 0 minds If your child or young adult has special needs or is stuck academically and not managing their studies well, you may carry heavy questions.\u00a0\u00a0 Your child may be bright, curious, and creative, but school is challenging. They get frustrated from doing their homework; their [&hellip;]<\/p>\n","protected":false},"author":245517572,"featured_media":0,"parent":0,"menu_order":0,"comment_status":"closed","ping_status":"closed","template":"elementor_header_footer","meta":{"_wpcom_ai_launchpad_about_page":false,"_wpcom_ai_launchpad_gallery_page":false,"_wpcom_ai_launchpad_contact_page":false,"_wpcom_ai_launchpad_events_page":false,"_wpcom_ai_launchpad_video_page":false,"_wpcom_ai_launchpad_portfolio_piece":false,"footnotes":""},"class_list":["post-10824","page","type-page","status-publish","hentry"],"yoast_head":"<!-- This site is optimized with the Yoast SEO plugin v28.4 - https:\/\/yoast.com\/product\/yoast-seo-wordpress\/ -->\n<title>About US - Serenga\u00ef\uff5cBlandine Oller Perret \uff5cGuidance enfants et adolescents ayant des diff\u00e9rentiations d&#039;apprentissage<\/title>\n<meta name=\"robots\" content=\"index, follow, max-snippet:-1, max-image-preview:large, max-video-preview:-1\" \/>\n<link rel=\"canonical\" href=\"https:\/\/serengai.ch\/fr\/about-us\/\" \/>\n<meta property=\"og:locale\" content=\"fr_FR\" \/>\n<meta property=\"og:type\" content=\"article\" \/>\n<meta property=\"og:title\" content=\"About US - Serenga\u00ef\uff5cBlandine Oller Perret \uff5cGuidance enfants et adolescents ayant des diff\u00e9rentiations d&#039;apprentissage\" \/>\n<meta property=\"og:description\" content=\"WHO WE ARE A place to 0 nurture strong 0 minds If your child or young adult has special needs or is stuck academically and not managing their studies well, you may carry heavy questions.\u00a0\u00a0 Your child may be bright, curious, and creative, but school is challenging. They get frustrated from doing their homework; their [&hellip;]\" \/>\n<meta property=\"og:url\" content=\"https:\/\/serengai.ch\/fr\/about-us\/\" \/>\n<meta property=\"og:site_name\" content=\"Serenga\u00ef\uff5cBlandine Oller Perret \uff5cGuidance enfants et adolescents ayant des diff\u00e9rentiations d&#039;apprentissage\" \/>\n<meta property=\"article:modified_time\" content=\"2026-06-26T23:41:55+00:00\" \/>\n<meta property=\"og:image\" content=\"https:\/\/serengai.ch\/wp-content\/uploads\/2024\/10\/Frame-1321316173-1024x464.png\" \/>\n\t<meta property=\"og:image:width\" content=\"1024\" \/>\n\t<meta property=\"og:image:height\" content=\"464\" \/>\n\t<meta property=\"og:image:type\" content=\"image\/png\" \/>\n<meta name=\"twitter:card\" content=\"summary_large_image\" \/>\n<meta name=\"twitter:label1\" content=\"Dur\u00e9e de lecture estim\u00e9e\" \/>\n\t<meta name=\"twitter:data1\" content=\"7 minutes\" \/>\n<script type=\"application\/ld+json\" class=\"yoast-schema-graph\">{\"@context\":\"https:\\\/\\\/schema.org\",\"@graph\":[{\"@type\":\"WebPage\",\"@id\":\"https:\\\/\\\/serengai.ch\\\/about-us\\\/\",\"url\":\"https:\\\/\\\/serengai.ch\\\/about-us\\\/\",\"name\":\"About US - Serenga\u00ef\uff5cBlandine Oller Perret \uff5cGuidance enfants et adolescents ayant des diff\u00e9rentiations d&#039;apprentissage\",\"isPartOf\":{\"@id\":\"https:\\\/\\\/serengai.ch\\\/#website\"},\"primaryImageOfPage\":{\"@id\":\"https:\\\/\\\/serengai.ch\\\/about-us\\\/#primaryimage\"},\"image\":{\"@id\":\"https:\\\/\\\/serengai.ch\\\/about-us\\\/#primaryimage\"},\"thumbnailUrl\":\"https:\\\/\\\/serengai.ch\\\/wp-content\\\/uploads\\\/2024\\\/10\\\/Frame-1321316173-1024x464.png\",\"datePublished\":\"2026-03-05T22:02:49+00:00\",\"dateModified\":\"2026-06-26T23:41:55+00:00\",\"breadcrumb\":{\"@id\":\"https:\\\/\\\/serengai.ch\\\/about-us\\\/#breadcrumb\"},\"inLanguage\":\"fr-FR\",\"potentialAction\":[{\"@type\":\"ReadAction\",\"target\":[\"https:\\\/\\\/serengai.ch\\\/about-us\\\/\"]}]},{\"@type\":\"ImageObject\",\"inLanguage\":\"fr-FR\",\"@id\":\"https:\\\/\\\/serengai.ch\\\/about-us\\\/#primaryimage\",\"url\":\"https:\\\/\\\/serengai.ch\\\/wp-content\\\/uploads\\\/2024\\\/10\\\/Frame-1321316173-1024x464.png\",\"contentUrl\":\"https:\\\/\\\/serengai.ch\\\/wp-content\\\/uploads\\\/2024\\\/10\\\/Frame-1321316173-1024x464.png\"},{\"@type\":\"BreadcrumbList\",\"@id\":\"https:\\\/\\\/serengai.ch\\\/about-us\\\/#breadcrumb\",\"itemListElement\":[{\"@type\":\"ListItem\",\"position\":1,\"name\":\"Home\",\"item\":\"https:\\\/\\\/serengai.ch\\\/\"},{\"@type\":\"ListItem\",\"position\":2,\"name\":\"About US\"}]},{\"@type\":\"WebSite\",\"@id\":\"https:\\\/\\\/serengai.ch\\\/#website\",\"url\":\"https:\\\/\\\/serengai.ch\\\/\",\"name\":\"Serenga\u00ef\uff5cBlandine Oller Perret \uff5cGuidance enfants et adolescents ayant des diff\u00e9rentiations d&#039;apprentissage\",\"description\":\"\",\"publisher\":{\"@id\":\"https:\\\/\\\/serengai.ch\\\/#organization\"},\"potentialAction\":[{\"@type\":\"SearchAction\",\"target\":{\"@type\":\"EntryPoint\",\"urlTemplate\":\"https:\\\/\\\/serengai.ch\\\/?s={search_term_string}\"},\"query-input\":{\"@type\":\"PropertyValueSpecification\",\"valueRequired\":true,\"valueName\":\"search_term_string\"}}],\"inLanguage\":\"fr-FR\"},{\"@type\":\"Organization\",\"@id\":\"https:\\\/\\\/serengai.ch\\\/#organization\",\"name\":\"Serenga\u00ef\uff5cBlandine Oller Perret \uff5cGuidance enfants et adolescents ayant des diff\u00e9rentiations d&#039;apprentissage\",\"url\":\"https:\\\/\\\/serengai.ch\\\/\",\"logo\":{\"@type\":\"ImageObject\",\"inLanguage\":\"fr-FR\",\"@id\":\"https:\\\/\\\/serengai.ch\\\/#\\\/schema\\\/logo\\\/image\\\/\",\"url\":\"https:\\\/\\\/serengai.ch\\\/wp-content\\\/uploads\\\/2024\\\/05\\\/logo_earth-1.png\",\"contentUrl\":\"https:\\\/\\\/serengai.ch\\\/wp-content\\\/uploads\\\/2024\\\/05\\\/logo_earth-1.png\",\"width\":700,\"height\":121,\"caption\":\"Serenga\u00ef\uff5cBlandine Oller Perret \uff5cGuidance enfants et adolescents ayant des diff\u00e9rentiations d&#039;apprentissage\"},\"image\":{\"@id\":\"https:\\\/\\\/serengai.ch\\\/#\\\/schema\\\/logo\\\/image\\\/\"}}]}<\/script>\n<!-- \/ Yoast SEO plugin. -->","yoast_head_json":{"title":"About US - Serenga\u00ef\uff5cBlandine Oller Perret \uff5cGuidance enfants et adolescents ayant des diff\u00e9rentiations d&#039;apprentissage","robots":{"index":"index","follow":"follow","max-snippet":"max-snippet:-1","max-image-preview":"max-image-preview:large","max-video-preview":"max-video-preview:-1"},"canonical":"https:\/\/serengai.ch\/fr\/about-us\/","og_locale":"fr_FR","og_type":"article","og_title":"About US - Serenga\u00ef\uff5cBlandine Oller Perret \uff5cGuidance enfants et adolescents ayant des diff\u00e9rentiations d&#039;apprentissage","og_description":"WHO WE ARE A place to 0 nurture strong 0 minds If your child or young adult has special needs or is stuck academically and not managing their studies well, you may carry heavy questions.\u00a0\u00a0 Your child may be bright, curious, and creative, but school is challenging. They get frustrated from doing their homework; their [&hellip;]","og_url":"https:\/\/serengai.ch\/fr\/about-us\/","og_site_name":"Serenga\u00ef\uff5cBlandine Oller Perret \uff5cGuidance enfants et adolescents ayant des diff\u00e9rentiations d&#039;apprentissage","article_modified_time":"2026-06-26T23:41:55+00:00","og_image":[{"width":1024,"height":464,"url":"https:\/\/serengai.ch\/wp-content\/uploads\/2024\/10\/Frame-1321316173-1024x464.png","type":"image\/png"}],"twitter_card":"summary_large_image","twitter_misc":{"Dur\u00e9e de lecture estim\u00e9e":"7 minutes"},"schema":{"@context":"https:\/\/schema.org","@graph":[{"@type":"WebPage","@id":"https:\/\/serengai.ch\/about-us\/","url":"https:\/\/serengai.ch\/about-us\/","name":"About US - Serenga\u00ef\uff5cBlandine Oller Perret \uff5cGuidance enfants et adolescents ayant des diff\u00e9rentiations d&#039;apprentissage","isPartOf":{"@id":"https:\/\/serengai.ch\/#website"},"primaryImageOfPage":{"@id":"https:\/\/serengai.ch\/about-us\/#primaryimage"},"image":{"@id":"https:\/\/serengai.ch\/about-us\/#primaryimage"},"thumbnailUrl":"https:\/\/serengai.ch\/wp-content\/uploads\/2024\/10\/Frame-1321316173-1024x464.png","datePublished":"2026-03-05T22:02:49+00:00","dateModified":"2026-06-26T23:41:55+00:00","breadcrumb":{"@id":"https:\/\/serengai.ch\/about-us\/#breadcrumb"},"inLanguage":"fr-FR","potentialAction":[{"@type":"ReadAction","target":["https:\/\/serengai.ch\/about-us\/"]}]},{"@type":"ImageObject","inLanguage":"fr-FR","@id":"https:\/\/serengai.ch\/about-us\/#primaryimage","url":"https:\/\/serengai.ch\/wp-content\/uploads\/2024\/10\/Frame-1321316173-1024x464.png","contentUrl":"https:\/\/serengai.ch\/wp-content\/uploads\/2024\/10\/Frame-1321316173-1024x464.png"},{"@type":"BreadcrumbList","@id":"https:\/\/serengai.ch\/about-us\/#breadcrumb","itemListElement":[{"@type":"ListItem","position":1,"name":"Home","item":"https:\/\/serengai.ch\/"},{"@type":"ListItem","position":2,"name":"About US"}]},{"@type":"WebSite","@id":"https:\/\/serengai.ch\/#website","url":"https:\/\/serengai.ch\/","name":"Serenga\u00ef\uff5cBlandine Oller Perret \uff5cGuidance enfants et adolescents ayant des diff\u00e9rentiations d&#039;apprentissage","description":"","publisher":{"@id":"https:\/\/serengai.ch\/#organization"},"potentialAction":[{"@type":"SearchAction","target":{"@type":"EntryPoint","urlTemplate":"https:\/\/serengai.ch\/?s={search_term_string}"},"query-input":{"@type":"PropertyValueSpecification","valueRequired":true,"valueName":"search_term_string"}}],"inLanguage":"fr-FR"},{"@type":"Organization","@id":"https:\/\/serengai.ch\/#organization","name":"Serenga\u00ef\uff5cBlandine Oller Perret \uff5cGuidance enfants et adolescents ayant des diff\u00e9rentiations d&#039;apprentissage","url":"https:\/\/serengai.ch\/","logo":{"@type":"ImageObject","inLanguage":"fr-FR","@id":"https:\/\/serengai.ch\/#\/schema\/logo\/image\/","url":"https:\/\/serengai.ch\/wp-content\/uploads\/2024\/05\/logo_earth-1.png","contentUrl":"https:\/\/serengai.ch\/wp-content\/uploads\/2024\/05\/logo_earth-1.png","width":700,"height":121,"caption":"Serenga\u00ef\uff5cBlandine Oller Perret \uff5cGuidance enfants et adolescents ayant des diff\u00e9rentiations d&#039;apprentissage"},"image":{"@id":"https:\/\/serengai.ch\/#\/schema\/logo\/image\/"}}]}},"jetpack_likes_enabled":true,"jetpack_sharing_enabled":true,"jetpack_shortlink":"https:\/\/wp.me\/PfIrWJ-2OA","jetpack-related-posts":[{"id":10890,"url":"https:\/\/serengai.ch\/fr\/contact-us\/","url_meta":{"origin":10824,"position":0},"title":"Nous contacter","author":"SEO","date":"6th mars 2026","format":false,"excerpt":"Contact Us Whether you are a parent seeking support for your child or an institution looking for structured learning strategies, Serenga\u00ef is here to help. Reach out to start a conversation and explore the right path forward.\u00a0 Home Serenga\u00ef Office Level E, Avenue Vibert 121227 Carouge, Geneva +41 78 442\u2026","rel":"","context":"Article similaire","block_context":{"text":"Article similaire","link":""},"img":{"alt_text":"","src":"","width":0,"height":0},"classes":[]},{"id":10687,"url":"https:\/\/serengai.ch\/fr\/services\/","url_meta":{"origin":10824,"position":1},"title":"Services","author":"SEO","date":"5th mars 2026","format":false,"excerpt":"Our Services Serenga\u00ef provides structured learning strategy support for children, young adults, families, and educational institutions. Our practical methods help learners overcome academic challenges, build confidence, and develop sustainable habits for independent and meaningful learning. Home Two paths. One mission. Serenga\u00ef\u00a0offers lasting support through two routes on the same journey\u2026","rel":"","context":"Article similaire","block_context":{"text":"Article similaire","link":""},"img":{"alt_text":"","src":"https:\/\/i0.wp.com\/serengai.ch\/wp-content\/uploads\/2024\/10\/Blandine_Bonus_Nature_2024_03.jpg?resize=350%2C200&ssl=1","width":350,"height":200,"srcset":"https:\/\/i0.wp.com\/serengai.ch\/wp-content\/uploads\/2024\/10\/Blandine_Bonus_Nature_2024_03.jpg?resize=350%2C200&ssl=1 1x, https:\/\/i0.wp.com\/serengai.ch\/wp-content\/uploads\/2024\/10\/Blandine_Bonus_Nature_2024_03.jpg?resize=525%2C300&ssl=1 1.5x, https:\/\/i0.wp.com\/serengai.ch\/wp-content\/uploads\/2024\/10\/Blandine_Bonus_Nature_2024_03.jpg?resize=700%2C400&ssl=1 2x, https:\/\/i0.wp.com\/serengai.ch\/wp-content\/uploads\/2024\/10\/Blandine_Bonus_Nature_2024_03.jpg?resize=1050%2C600&ssl=1 3x, https:\/\/i0.wp.com\/serengai.ch\/wp-content\/uploads\/2024\/10\/Blandine_Bonus_Nature_2024_03.jpg?resize=1400%2C800&ssl=1 4x"},"classes":[]},{"id":10462,"url":"https:\/\/serengai.ch\/fr\/home-new\/","url_meta":{"origin":10824,"position":2},"title":"Home New","author":"SEO","date":"2nd mars 2026","format":false,"excerpt":"Trusted by 50K+ pARENTS A space to grow confident, independent learners Serenga\u00ef\u00a0is a community that transforms learning challenges into lasting growth through guided support for children, families, and educational institutions.\u00a0\u00a0\u00a0Through our educational strategy consultancy, we offer much-needed support to our young generation that helps them overcome learning and development challenges.\u00a0\u00a0You\u2019re\u00a0not\u2026","rel":"","context":"Article similaire","block_context":{"text":"Article similaire","link":""},"img":{"alt_text":"","src":"https:\/\/i0.wp.com\/serengai.ch\/wp-content\/uploads\/2026\/03\/collage-of-happy-multiracial-people-faces-on-gray-2025-03-18-18-10-13-utc-3.png?resize=350%2C200&ssl=1","width":350,"height":200},"classes":[]},{"id":11055,"url":"https:\/\/serengai.ch\/fr\/","url_meta":{"origin":10824,"position":3},"title":"Home New 2","author":"SEO","date":"9th mars 2026","format":false,"excerpt":"A space to grow confident, independent learners Two paths. One mission. Serenga\u00ef\u00a0offers lasting support through two routes on the same journey that make a difference for families and institutions.\u00a0\u00a0 Our method covers every part of your child\u2019s or young adult\u2019s life when they face learning challenges,\u00a0providing them with the organizational\u2026","rel":"","context":"Article similaire","block_context":{"text":"Article similaire","link":""},"img":{"alt_text":"","src":"https:\/\/i0.wp.com\/serengai.ch\/wp-content\/uploads\/2026\/03\/Screenshot-2026-03-26-124006.png?resize=350%2C200&ssl=1","width":350,"height":200,"srcset":"https:\/\/i0.wp.com\/serengai.ch\/wp-content\/uploads\/2026\/03\/Screenshot-2026-03-26-124006.png?resize=350%2C200&ssl=1 1x, https:\/\/i0.wp.com\/serengai.ch\/wp-content\/uploads\/2026\/03\/Screenshot-2026-03-26-124006.png?resize=525%2C300&ssl=1 1.5x"},"classes":[]},{"id":419,"url":"https:\/\/serengai.ch\/fr\/home-2\/","url_meta":{"origin":10824,"position":4},"title":"Accueil","author":"Serenga\u00ef","date":"18th octobre 2024","format":false,"excerpt":"At Serenga\u00ef, we offer tailored support to help children\/adolescents overcome learning and development challenges. \u00a0We have two axes. Guidance for Children & Adolescents (Ages 6+) Working directly with children and adolescents, alongside their parents or caregivers. DEEP DIVE Guidance for Institutions Collaborating with educational institutions to implement effective strategies that\u2026","rel":"","context":"Article similaire","block_context":{"text":"Article similaire","link":""},"img":{"alt_text":"","src":"https:\/\/i0.wp.com\/serengai.ch\/wp-content\/uploads\/2024\/05\/Frame-1321316174-1024x464.png?resize=350%2C200&ssl=1","width":350,"height":200,"srcset":"https:\/\/i0.wp.com\/serengai.ch\/wp-content\/uploads\/2024\/05\/Frame-1321316174-1024x464.png?resize=350%2C200&ssl=1 1x, https:\/\/i0.wp.com\/serengai.ch\/wp-content\/uploads\/2024\/05\/Frame-1321316174-1024x464.png?resize=525%2C300&ssl=1 1.5x, https:\/\/i0.wp.com\/serengai.ch\/wp-content\/uploads\/2024\/05\/Frame-1321316174-1024x464.png?resize=700%2C400&ssl=1 2x"},"classes":[]},{"id":751,"url":"https:\/\/serengai.ch\/fr\/services-2\/","url_meta":{"origin":10824,"position":5},"title":"Services","author":"Serenga\u00ef","date":"22nd octobre 2024","format":false,"excerpt":"SESSIONS Opening HoursMonday to Friday: 8 am - 7 pmSaturday: 9 am - 5 pm Child & Adolescent Guidance \u00b0 First contact - 20min phone or Skype call - Free\u00b0 In-Office or Home Session: First session 1 hour 30 min - 1h session for the followings.\u00b0 Based on individual circumstances,\u2026","rel":"","context":"Article similaire","block_context":{"text":"Article similaire","link":""},"img":{"alt_text":"","src":"https:\/\/i0.wp.com\/serengai.ch\/wp-content\/uploads\/2024\/10\/Blandine_Bonus_Nature_2024_04-1024x682.jpg?resize=350%2C200&ssl=1","width":350,"height":200,"srcset":"https:\/\/i0.wp.com\/serengai.ch\/wp-content\/uploads\/2024\/10\/Blandine_Bonus_Nature_2024_04-1024x682.jpg?resize=350%2C200&ssl=1 1x, https:\/\/i0.wp.com\/serengai.ch\/wp-content\/uploads\/2024\/10\/Blandine_Bonus_Nature_2024_04-1024x682.jpg?resize=525%2C300&ssl=1 1.5x, https:\/\/i0.wp.com\/serengai.ch\/wp-content\/uploads\/2024\/10\/Blandine_Bonus_Nature_2024_04-1024x682.jpg?resize=700%2C400&ssl=1 2x"},"classes":[]}],"_links":{"self":[{"href":"https:\/\/serengai.ch\/fr\/wp-json\/wp\/v2\/pages\/10824","targetHints":{"allow":["GET"]}}],"collection":[{"href":"https:\/\/serengai.ch\/fr\/wp-json\/wp\/v2\/pages"}],"about":[{"href":"https:\/\/serengai.ch\/fr\/wp-json\/wp\/v2\/types\/page"}],"author":[{"embeddable":true,"href":"https:\/\/serengai.ch\/fr\/wp-json\/wp\/v2\/users\/245517572"}],"replies":[{"embeddable":true,"href":"https:\/\/serengai.ch\/fr\/wp-json\/wp\/v2\/comments?post=10824"}],"version-history":[{"count":100,"href":"https:\/\/serengai.ch\/fr\/wp-json\/wp\/v2\/pages\/10824\/revisions"}],"predecessor-version":[{"id":12482,"href":"https:\/\/serengai.ch\/fr\/wp-json\/wp\/v2\/pages\/10824\/revisions\/12482"}],"wp:attachment":[{"href":"https:\/\/serengai.ch\/fr\/wp-json\/wp\/v2\/media?parent=10824"}],"curies":[{"name":"wp","href":"https:\/\/api.w.org\/{rel}","templated":true}]}}